{"id":5351,"date":"2026-08-24T07:55:59","date_gmt":"2026-08-24T07:55:59","guid":{"rendered":"https:\/\/letilkuria.hu\/?page_id=5351"},"modified":"2026-09-02T12:52:35","modified_gmt":"2026-09-02T12:52:35","slug":"exkluziv-wellness-hetvege-krisz-rudival","status":"publish","type":"page","link":"https:\/\/letilkuria.hu\/en\/exkluziv-wellness-hetvege-krisz-rudival\/","title":{"rendered":"Exkluz\u00edv Wellness H\u00e9tv\u00e9ge Krisz Rudival"},"content":{"rendered":"<p>[et_pb_section fb_built=&#8221;1&#8243; _builder_version=&#8221;4.27.5&#8243; _module_preset=&#8221;default&#8221; custom_padding=&#8221;0px||0px|||&#8221; global_colors_info=&#8221;{}&#8221;][et_pb_row _builder_version=&#8221;4.27.5&#8243; _module_preset=&#8221;default&#8221; use_background_color_gradient=&#8221;on&#8221; background_color_gradient_stops=&#8221;rgba(255,255,255,0) 60%|gcid-e0fae7ad-d98e-4392-872e-a72c4844db92 90%&#8221; background_image=&#8221;https:\/\/letilkuria.hu\/wp-content\/uploads\/Z8D_1500-2.jpg&#8221; parallax=&#8221;on&#8221; background_blend=&#8221;multiply&#8221; width=&#8221;100%&#8221; max_width=&#8221;100%&#8221; min_height=&#8221;80vh&#8221; min_height_tablet=&#8221;50vh&#8221; min_height_phone=&#8221;45vh&#8221; min_height_last_edited=&#8221;on|phone&#8221; custom_padding=&#8221;||62px|||&#8221; background_last_edited=&#8221;on|tablet&#8221; use_background_color_gradient_tablet=&#8221;on&#8221; use_background_color_gradient_phone=&#8221;on&#8221; background_color_gradient_stops_tablet=&#8221;rgba(255,255,255,0) 45%|#613a43 89%&#8221; background_color_gradient_stops_phone=&#8221;rgba(255,255,255,0) 35%|#613a43 80%&#8221; parallax_tablet=&#8221;off&#8221; parallax_phone=&#8221;off&#8221; custom_css_main_element=&#8221;  display: flex;||    justify-content: center;||    align-items: flex-end;&#8221; global_colors_info=&#8221;{%22gcid-e0fae7ad-d98e-4392-872e-a72c4844db92%22:%91%22background_color_gradient_stops%22%93}&#8221;][et_pb_column type=&#8221;4_4&#8243; _builder_version=&#8221;4.19.1&#8243; _module_preset=&#8221;default&#8221; global_colors_info=&#8221;{}&#8221;][et_pb_text content_tablet=&#8221;<\/p>\n<h1 class=%22decor-down%22 style=%22text-align: center;%22><em>Elegance. Relaxation. Cabaret.<\/em><\/h1>\n<h1 class=%22decor-down%22 style=%22text-align: center;%22><span>Le Week-end Rouge<\/span><\/h1>\n<p style=%22text-align: center;%22>2026. okt\u00f3ber 30. \u2013 november 1. (p\u00e9ntek\u2013vas\u00e1rnap)<\/p>\n<p>&#8221; content_phone=&#8221;<\/p>\n<h6 class=%22decor-down%22 style=%22text-align: center;%22><span style=%22font-size: x-large; font-family: 'Alegreya SC'; font-weight: normal; color: #ffffff;%22><em>Elegance. Relaxation. Cabaret.<\/em><\/span><\/h6>\n<h1 class=%22decor-down%22 style=%22text-align: center;%22><span style=%22font-family: 'Alegreya SC'; font-size: 32px;%22>Le Week-end Rouge<\/span><\/h1>\n<p style=%22text-align: center;%22>2026. okt\u00f3ber 30. \u2013 november 1.<br \/>(p\u00e9ntek\u2013vas\u00e1rnap)<\/p>\n<p>&#8221; content_last_edited=&#8221;off|tablet&#8221; module_class=&#8221;heading-decor-white&#8221; _builder_version=&#8221;4.27.5&#8243; _module_preset=&#8221;default&#8221; text_font=&#8221;Alegreya SC||||||||&#8221; text_text_color=&#8221;#FFFFFF&#8221; text_line_height=&#8221;1em&#8221; header_text_align=&#8221;center&#8221; header_text_color=&#8221;#FFFFFF&#8221; header_font_size=&#8221;36px&#8221; max_height=&#8221;1000px&#8221; custom_margin=&#8221;-51px||-56px||false|false&#8221; custom_padding=&#8221;0px||16px||false|false&#8221; header_font_size_tablet=&#8221;36px&#8221; header_font_size_phone=&#8221;32px&#8221; header_font_size_last_edited=&#8221;on|phone&#8221; inline_fonts=&#8221;Alegreya SC,Alegreya Sans SC&#8221; global_colors_info=&#8221;{}&#8221;]<\/p>\n<p style=\"text-align: center;\"><span style=\"color: #ffffff;\">Le Secrets of Winter<\/span><\/p>\n<h1><span style=\"color: #ffffff;\">Exkluz\u00edv Wellness H\u00e9tv\u00e9ge Krisz Rudival<\/span><\/h1>\n<p style=\"text-align: center;\">2026. november 20 \u2013 november 22. (p\u00e9ntek\u2013vas\u00e1rnap)<\/p>\n<p>[\/et_pb_text][\/et_pb_column][\/et_pb_row][et_pb_row module_class=&#8221;flex-align-center&#8221; _builder_version=&#8221;4.27.5&#8243; _module_preset=&#8221;default&#8221; max_width=&#8221;1200px&#8221; custom_margin=&#8221;||||false|false&#8221; custom_padding=&#8221;40px||0px||false|false&#8221; global_colors_info=&#8221;{}&#8221;][et_pb_column type=&#8221;4_4&#8243; _builder_version=&#8221;4.16&#8243; _module_preset=&#8221;default&#8221; global_colors_info=&#8221;{}&#8221;][et_pb_text _builder_version=&#8221;4.27.5&#8243; _module_preset=&#8221;default&#8221; text_orientation=&#8221;center&#8221; text_orientation_tablet=&#8221;&#8221; text_orientation_phone=&#8221;center&#8221; text_orientation_last_edited=&#8221;on|phone&#8221; global_colors_info=&#8221;{}&#8221;]<\/p>\n<h2><span>A t\u00e9li \u00fcnnepeket k\u00f6r\u00fclvev\u0151 rohan\u00e1s el\u0151tt, mindenkinek sz\u00fcks\u00e9ge van felt\u00f6lt\u0151d\u00e9sre.<br \/>A fest\u0151i Le Til K\u00fari\u00e1ban, egy felejthetetlen wellness h\u00e9tv\u00e9ge v\u00e1r: pihen\u00e9s, relax\u00e1ci\u00f3, gasztron\u00f3miai \u00e9lm\u00e9nyek, \u00e9s exkluz\u00edv vacsoraest Krisz Rudival.<br \/><\/span><\/h2>\n<p>[\/et_pb_text][\/et_pb_column][\/et_pb_row][\/et_pb_section][et_pb_section fb_built=&#8221;1&#8243; _builder_version=&#8221;4.27.4&#8243; _module_preset=&#8221;default&#8221; custom_padding=&#8221;20px||20px||false|false&#8221; global_colors_info=&#8221;{}&#8221;][et_pb_row _builder_version=&#8221;4.19.1&#8243; _module_preset=&#8221;default&#8221; global_colors_info=&#8221;{}&#8221;][et_pb_column type=&#8221;4_4&#8243; _builder_version=&#8221;4.19.1&#8243; _module_preset=&#8221;default&#8221; global_colors_info=&#8221;{}&#8221;][et_pb_text _builder_version=&#8221;4.27.4&#8243; _module_preset=&#8221;default&#8221; header_text_align=&#8221;center&#8221; header_text_color=&#8221;#aa845b&#8221; custom_margin=&#8221;||36px||false|false&#8221; global_colors_info=&#8221;{}&#8221;]<\/p>\n<h1 class=\"decor-down\" style=\"text-align: center;\">Id\u0151pont<\/h1>\n<p>[\/et_pb_text][et_pb_text _builder_version=&#8221;4.27.5&#8243; _module_preset=&#8221;default&#8221; text_line_height=&#8221;1em&#8221; text_orientation=&#8221;center&#8221; global_colors_info=&#8221;{}&#8221;]<\/p>\n<h2>2026. november 20. \u2013 november 22. (p\u00e9ntek\u2013vas\u00e1rnap)<\/h2>\n<p>&nbsp;<\/p>\n<p>[\/et_pb_text][\/et_pb_column][\/et_pb_row][et_pb_row column_structure=&#8221;1_2,1_2&#8243; disabled_on=&#8221;off|off|off&#8221; _builder_version=&#8221;4.27.4&#8243; _module_preset=&#8221;default&#8221; custom_css_main_element=&#8221;display: flex;||align-items: center;&#8221; global_colors_info=&#8221;{}&#8221; custom_css_main_element_last_edited=&#8221;on|phone&#8221; custom_css_main_element_phone=&#8221;    display: flex;||    align-items: center;||    flex-direction: column;&#8221; custom_css_main_element_tablet=&#8221;display: grid;&#8221;][et_pb_column type=&#8221;1_2&#8243; _builder_version=&#8221;4.19.1&#8243; _module_preset=&#8221;default&#8221; global_colors_info=&#8221;{}&#8221;][et_pb_text _builder_version=&#8221;4.27.5&#8243; _module_preset=&#8221;default&#8221; header_text_align=&#8221;center&#8221; header_text_color=&#8221;#aa845b&#8221; custom_margin=&#8221;||36px||false|false&#8221; global_colors_info=&#8221;{}&#8221;]<\/p>\n<h1 class=\"decor-down\" style=\"text-align: center;\">Mi\u00e9rt \u00e9rdemes j\u00f6nn\u00f6t\u00f6k?<\/h1>\n<p>[\/et_pb_text][et_pb_text _builder_version=&#8221;4.27.5&#8243; _module_preset=&#8221;default&#8221; text_line_height=&#8221;1em&#8221; global_colors_info=&#8221;{}&#8221;]<\/p>\n<p><span><strong><span style=\"font-family: inherit;\"><span style=\"font-size: xx-large;\"><br \/><\/span><span style=\"font-size: xx-large;\">\u00a0\ud83c\udfbcP\u00e9ntek:<\/span><\/span><\/strong><\/span><\/p>\n<p><strong> <\/strong><\/p>\n<h2><strong><\/strong><\/h2>\n<h2 style=\"text-align: left;\"><span>K\u00fcl\u00f6nleges vacsora, az \u00fcnnepek ellen\u00e1llhatatlan \u00edzeivel, melynek f\u00e9nypontjak\u00e9nt kedvenc sl\u00e1gereid eleven\u00edtheted fel, Krisz Rudi el\u0151ad\u00e1s\u00e1ban.<\/span><\/h2>\n<h2><span style=\"font-size: x-large;\"><\/span><\/h2>\n<h2><span style=\"font-size: x-large;\">\u00a0<\/span><\/h2>\n<p>[\/et_pb_text][\/et_pb_column][et_pb_column type=&#8221;1_2&#8243; disabled_on=&#8221;off|off|off&#8221; _builder_version=&#8221;4.27.4&#8243; _module_preset=&#8221;default&#8221; global_colors_info=&#8221;{}&#8221;][et_pb_image src=&#8221;https:\/\/letilkuria.hu\/wp-content\/uploads\/PH2_5804-scaled.jpg&#8221; title_text=&#8221;PH2_5804&#8243; align=&#8221;center&#8221; disabled_on=&#8221;off|off|off&#8221; module_id=&#8221;menu-pic&#8221; module_class=&#8221;rotate-bordered&#8221; _builder_version=&#8221;4.27.5&#8243; _module_preset=&#8221;default&#8221; transform_scale_tablet=&#8221;&#8221; transform_scale_phone=&#8221;&#8221; transform_scale_last_edited=&#8221;on|phone&#8221; transform_translate_tablet=&#8221;&#8221; transform_translate_phone=&#8221;&#8221; transform_translate_last_edited=&#8221;on|phone&#8221; transform_rotate_tablet=&#8221;&#8221; transform_rotate_phone=&#8221;&#8221; transform_rotate_last_edited=&#8221;on|phone&#8221; transform_skew_tablet=&#8221;&#8221; transform_skew_phone=&#8221;&#8221; transform_skew_last_edited=&#8221;on|phone&#8221; transform_origin_tablet=&#8221;&#8221; transform_origin_phone=&#8221;&#8221; transform_origin_last_edited=&#8221;on|phone&#8221; transform_styles_last_edited=&#8221;on|phone&#8221; min_height=&#8221;430px&#8221; min_height_tablet=&#8221;650px&#8221; min_height_phone=&#8221;370px&#8221; min_height_last_edited=&#8221;on|phone&#8221; custom_margin=&#8221;||0px||false|false&#8221; custom_padding=&#8221;||||false|false&#8221; transform_styles_tablet=&#8221;&#8221; transform_styles_phone=&#8221;&#8221; custom_css_main_element=&#8221;object-fit: cover!important;&#8221; global_colors_info=&#8221;{}&#8221;][\/et_pb_image][\/et_pb_column][\/et_pb_row][et_pb_row column_structure=&#8221;1_2,1_2&#8243; _builder_version=&#8221;4.27.4&#8243; _module_preset=&#8221;default&#8221; custom_css_main_element=&#8221;display: flex;||align-items: center;&#8221; global_colors_info=&#8221;{}&#8221; custom_css_main_element_last_edited=&#8221;on|phone&#8221; custom_css_main_element_phone=&#8221;    display: flex;||    align-items: center;||    flex-direction: column;&#8221; custom_css_main_element_tablet=&#8221;display: grid;&#8221;][et_pb_column type=&#8221;1_2&#8243; disabled_on=&#8221;off|off|off&#8221; _builder_version=&#8221;4.27.4&#8243; _module_preset=&#8221;default&#8221; custom_padding=&#8221;30px||||false|false&#8221; global_colors_info=&#8221;{}&#8221; custom_css_main_element_last_edited=&#8221;on|desktop&#8221; custom_css_main_element_tablet=&#8221;order:2;&#8221; custom_css_main_element_phone=&#8221;order:2;&#8221;][et_pb_image src=&#8221;https:\/\/letilkuria.hu\/wp-content\/uploads\/Z8D_1527-2.jpg&#8221; title_text=&#8221;Le Til K\u00faria Wellness r\u00e9szlege&#8221; align=&#8221;center&#8221; force_fullwidth=&#8221;on&#8221; disabled_on=&#8221;off|off|off&#8221; module_class=&#8221;rotate-bordered&#8221; _builder_version=&#8221;4.27.5&#8243; _module_preset=&#8221;default&#8221; min_height=&#8221;415px&#8221; min_height_tablet=&#8221;650px&#8221; min_height_phone=&#8221;650px&#8221; min_height_last_edited=&#8221;off|desktop&#8221; custom_padding=&#8221;||||false|false&#8221; custom_css_free_form=&#8221;.img{||  object-fit: cover;||}&#8221; global_colors_info=&#8221;{}&#8221;][\/et_pb_image][\/et_pb_column][et_pb_column type=&#8221;1_2&#8243; _builder_version=&#8221;4.27.4&#8243; _module_preset=&#8221;default&#8221; global_colors_info=&#8221;{}&#8221;][et_pb_text _builder_version=&#8221;4.27.5&#8243; _module_preset=&#8221;default&#8221; text_line_height=&#8221;1.2em&#8221; custom_padding=&#8221;3px|||||&#8221; global_colors_info=&#8221;{}&#8221;]<\/p>\n<p><span style=\"font-size: xx-large;\"><strong><span>\ud83d\udc86\u200d\u2640\ufe0f <\/span>Szombat<\/strong>:<\/span><\/p>\n<p><strong> <\/strong><\/p>\n<h2 style=\"text-align: center;\"><strong><\/strong><\/h2>\n<h2 class=\"p1\"><span>Meghosszabb\u00edtott wellness nyitvatart\u00e1s, szauna sze\u00e1nszok, massz\u00e1zs, illatok \u00e9s arom\u00e1k az \u00e9vszak jegy\u00e9ben. <\/span><\/h2>\n<h2><\/h2>\n<p>&nbsp;<\/p>\n<p style=\"text-align: center;\">\n<p>[\/et_pb_text][\/et_pb_column][\/et_pb_row][et_pb_row _builder_version=&#8221;4.19.1&#8243; _module_preset=&#8221;default&#8221; global_colors_info=&#8221;{}&#8221;][et_pb_column type=&#8221;4_4&#8243; _builder_version=&#8221;4.19.1&#8243; _module_preset=&#8221;default&#8221; global_colors_info=&#8221;{}&#8221;][et_pb_text _builder_version=&#8221;4.27.5&#8243; _module_preset=&#8221;default&#8221; text_orientation=&#8221;center&#8221; global_colors_info=&#8221;{}&#8221;]<\/p>\n<h1><span>\ud83d\udcab Lass\u00edts, engedd el a h\u00e9tk\u00f6znapokat, t\u00f6lts el egy impoz\u00e1ns h\u00e9tv\u00e9g\u00e9t, <br \/><\/span><span>a Le Til K\u00fari\u00e1ban. Hangol\u00f3dj vel\u00fcnk az \u00fcnnepekre!<br \/>\u00c9ld \u00e1t a t\u00e9l var\u00e1zslat\u00e1t, foglalj m\u00e9g ma\u2026<\/span><\/h1>\n<p><span><\/span><\/p>\n<p><span><\/span><\/p>\n<p style=\"text-align: center;\"><strong>A szobafoglal\u00e1s tartalma:<\/strong><\/p>\n<p style=\"text-align: center;\"><span>K\u00e9t szem\u00e9lyes pr\u00e9mium szoba 2 \u00e9jszak\u00e1ra<\/span><br \/>F\u00e9lpanzi\u00f3s ell\u00e1t\u00e1s<br \/><span style=\"font-size: 16px;\">R\u00e9szv\u00e9tel Krisz Rudi el\u0151ad\u00e1s\u00e1n.<\/span><\/p>\n<p style=\"text-align: center;\">F\u00fcrd\u0151k\u00f6peny \u00e9s papucs bek\u00e9sz\u00edt\u00e9s<br \/>Ingyenes wifi \u00e9s parkol\u00e1s a K\u00faria ter\u00fclet\u00e9n<\/p>\n<p style=\"text-align: center;\">Le Til Spa \u2013 Wellnesshaszn\u00e1lat (szombaton hosszabb\u00edtott nyitvatart\u00e1s)<br \/><span style=\"font-size: 16px;\">Belt\u00e9ri medence \u00e9s k\u00fclt\u00e9ri pezsg\u0151f\u00fcrd\u0151<br \/><\/span>Szaunavil\u00e1g: aromater\u00e1pi\u00e1s kabin, finn szauna, g\u0151zkamra, d\u00e9zsa- \u00e9s \u00e9lm\u00e9nyzuhany<br \/>Szaunamestereink \u00e1ltal vezetett sze\u00e1nszok <span><\/span><\/p>\n<p><span><\/span><\/p>\n<p>[\/et_pb_text][et_pb_button button_url=&#8221;https:\/\/shop.letilkuria.hu\/products\/exkluziv-wellness-hetvege-krisz-rudival?utm_source=copyToPasteBoard&#038;utm_medium=product-links&#038;utm_content=web&#8221; url_new_window=&#8221;on&#8221; button_text=&#8221;Szobafoglal\u00e1s&#8221; button_alignment=&#8221;center&#8221; _builder_version=&#8221;4.27.5&#8243; _module_preset=&#8221;default&#8221; global_colors_info=&#8221;{}&#8221;][\/et_pb_button][\/et_pb_column][\/et_pb_row][\/et_pb_section]<\/p>\n","protected":false},"excerpt":{"rendered":"<p>A t\u00e9li \u00fcnnepeket k\u00f6r\u00fclvev\u0151 rohan\u00e1s el\u0151tt, mindenkinek sz\u00fcks\u00e9ge van felt\u00f6lt\u0151d\u00e9sre.<br \/>\nA fest\u0151i Le Til K\u00fari\u00e1ban, egy felejthetetlen wellness h\u00e9tv\u00e9ge v\u00e1r: pihen\u00e9s, relax\u00e1ci\u00f3, gasztron\u00f3miai \u00e9lm\u00e9nyek, exkluz\u00edv vacsoraest Krisz Rudival.<\/p>","protected":false},"author":3,"featured_media":4582,"parent":0,"menu_order":0,"comment_status":"closed","ping_status":"closed","template":"","meta":{"_et_pb_use_builder":"on","_et_pb_old_content":"<!-- wp:divi\/placeholder \/-->","_et_gb_content_width":"","footnotes":""},"class_list":["post-5351","page","type-page","status-publish","has-post-thumbnail","hentry"],"_links":{"self":[{"href":"https:\/\/letilkuria.hu\/en\/wp-json\/wp\/v2\/pages\/5351","targetHints":{"allow":["GET"]}}],"collection":[{"href":"https:\/\/letilkuria.hu\/en\/wp-json\/wp\/v2\/pages"}],"about":[{"href":"https:\/\/letilkuria.hu\/en\/wp-json\/wp\/v2\/types\/page"}],"author":[{"embeddable":true,"href":"https:\/\/letilkuria.hu\/en\/wp-json\/wp\/v2\/users\/3"}],"replies":[{"embeddable":true,"href":"https:\/\/letilkuria.hu\/en\/wp-json\/wp\/v2\/comments?post=5351"}],"version-history":[{"count":3,"href":"https:\/\/letilkuria.hu\/en\/wp-json\/wp\/v2\/pages\/5351\/revisions"}],"predecessor-version":[{"id":5406,"href":"https:\/\/letilkuria.hu\/en\/wp-json\/wp\/v2\/pages\/5351\/revisions\/5406"}],"wp:featuredmedia":[{"embeddable":true,"href":"https:\/\/letilkuria.hu\/en\/wp-json\/wp\/v2\/media\/4582"}],"wp:attachment":[{"href":"https:\/\/letilkuria.hu\/en\/wp-json\/wp\/v2\/media?parent=5351"}],"curies":[{"name":"wp","href":"https:\/\/api.w.org\/{rel}","templated":true}]}}