{"id":3464,"date":"2025-03-17T08:33:38","date_gmt":"2025-03-17T08:33:38","guid":{"rendered":"https:\/\/letilkuria.hu\/?page_id=3464"},"modified":"2025-04-04T06:05:39","modified_gmt":"2025-04-04T06:05:39","slug":"olasz-daytime-party","status":"publish","type":"page","link":"https:\/\/letilkuria.hu\/en\/olasz-daytime-party\/","title":{"rendered":"Italian Daytime Party"},"content":{"rendered":"<p>[et_pb_section fb_built=&#8221;1&#8243; _builder_version=&#8221;4.16&#8243; _module_preset=&#8221;default&#8221; custom_padding=&#8221;0px||0px|||&#8221; global_colors_info=&#8221;{}&#8221;][et_pb_row _builder_version=&#8221;4.27.4&#8243; _module_preset=&#8221;default&#8221; use_background_color_gradient=&#8221;on&#8221; background_color_gradient_stops=&#8221;rgba(255,255,255,0) 60%|gcid-e0fae7ad-d98e-4392-872e-a72c4844db92 90%&#8221; background_image=&#8221;https:\/\/letilkuria.hu\/wp-content\/uploads\/dsc-1219-67d7de01d89f8-1.webp&#8221; background_position=&#8221;bottom_center&#8221; background_vertical_offset=&#8221;47%&#8221; background_blend=&#8221;multiply&#8221; width=&#8221;100%&#8221; max_width=&#8221;100%&#8221; min_height=&#8221;80vh&#8221; min_height_tablet=&#8221;50vh&#8221; min_height_phone=&#8221;50vh&#8221; min_height_last_edited=&#8221;on|phone&#8221; background_last_edited=&#8221;on|phone&#8221; use_background_color_gradient_tablet=&#8221;on&#8221; use_background_color_gradient_phone=&#8221;on&#8221; background_color_gradient_stops_tablet=&#8221;rgba(255,255,255,0) 45%|#613a43 89%&#8221; background_color_gradient_stops_phone=&#8221;rgba(255,255,255,0) 35%|#613a43 80%&#8221; custom_css_main_element=&#8221;  display: flex;||    justify-content: center;||    align-items: flex-end;&#8221; global_colors_info=&#8221;{%22gcid-e0fae7ad-d98e-4392-872e-a72c4844db92%22:%91%22background_color_gradient_stops%22%93}&#8221;][et_pb_column type=&#8221;4_4&#8243; _builder_version=&#8221;4.19.1&#8243; _module_preset=&#8221;default&#8221; global_colors_info=&#8221;{}&#8221;][et_pb_text content_tablet=&#8221;<\/p>\n<h1 class=%22decor-down%22>\u00c9lm\u00e9ny, mely \u00f6r\u00f6kre mag\u00e1val ragad!<\/h1>\n<p>&#8221; content_phone=&#8221;<\/p>\n<h1 class=%22decor-down%22>\u00c9lm\u00e9ny, mely \u00f6r\u00f6kre mag\u00e1val ragad!<\/h1>\n<p>&#8221; content_last_edited=&#8221;off|desktop&#8221; module_class=&#8221;heading-decor-white&#8221; _builder_version=&#8221;4.27.4&#8243; _module_preset=&#8221;default&#8221; text_text_color=&#8221;#FFFFFF&#8221; header_text_align=&#8221;center&#8221; header_text_color=&#8221;#FFFFFF&#8221; header_font_size=&#8221;36px&#8221; custom_padding=&#8221;||16px||false|false&#8221; header_font_size_tablet=&#8221;36px&#8221; header_font_size_phone=&#8221;32px&#8221; header_font_size_last_edited=&#8221;on|phone&#8221; global_colors_info=&#8221;{}&#8221;]<\/p>\n<h1 class=\"decor-down\" style=\"text-align: center;\"><b>Sogno d\u2019Italia \u2013 Olasz Daytime Party @ Le Til K\u00faria<\/b><\/h1>\n<p style=\"text-align: center;\">2025. m\u00e1jus 24., 14:00., szombat<\/p>\n<p>[\/et_pb_text][\/et_pb_column][\/et_pb_row][et_pb_row module_class=&#8221;flex-align-center&#8221; _builder_version=&#8221;4.27.4&#8243; _module_preset=&#8221;default&#8221; max_width=&#8221;1200px&#8221; custom_margin=&#8221;||||false|false&#8221; custom_padding=&#8221;40px||0px||false|false&#8221; global_colors_info=&#8221;{}&#8221;][et_pb_column type=&#8221;4_4&#8243; _builder_version=&#8221;4.16&#8243; _module_preset=&#8221;default&#8221; global_colors_info=&#8221;{}&#8221;][et_pb_text _builder_version=&#8221;4.27.4&#8243; _module_preset=&#8221;default&#8221; text_orientation=&#8221;center&#8221; text_orientation_tablet=&#8221;&#8221; text_orientation_phone=&#8221;center&#8221; text_orientation_last_edited=&#8221;on|phone&#8221; global_colors_info=&#8221;{}&#8221;]K\u00e9pzeld el, hogy egy napf\u00e9nyes d\u00e9lut\u00e1non, a medence partj\u00e1n, olasz dallamok k\u00eds\u00e9ret\u00e9ben \u00e9lvezheted az autentikus olasz \u00e9let\u00e9rz\u00e9st\u2026 \ud83c\udf1e[\/et_pb_text][et_pb_text module_id=&#8221;fotozas-div&#8221; _builder_version=&#8221;4.27.4&#8243; _module_preset=&#8221;default&#8221; text_font=&#8221;|800|||||||&#8221; header_font=&#8221;|800|||||||&#8221; header_2_font=&#8221;|||on|||||&#8221; header_2_text_color=&#8221;#aa845b&#8221; header_2_font_size=&#8221;24px&#8221; header_2_letter_spacing=&#8221;1px&#8221; text_orientation=&#8221;center&#8221; custom_margin=&#8221;||26px||false|false&#8221; custom_margin_tablet=&#8221;||10px||false|false&#8221; custom_margin_phone=&#8221;&#8221; custom_margin_last_edited=&#8221;on|desktop&#8221; hover_enabled=&#8221;0&#8243; global_colors_info=&#8221;{}&#8221; sticky_enabled=&#8221;0&#8243;]<\/p>\n<h2>Csatlakozz hozz\u00e1nk egy felejthetetlen Olasz Daytime Partyra m\u00e1jus 24-\u00e9n, szombaton, a Le Til K\u00fari\u00e1ban!<\/h2>\n<p>[\/et_pb_text][\/et_pb_column][\/et_pb_row][et_pb_row column_structure=&#8221;1_2,1_2&#8243; _builder_version=&#8221;4.27.4&#8243; _module_preset=&#8221;default&#8221; global_colors_info=&#8221;{}&#8221;][et_pb_column type=&#8221;1_2&#8243; _builder_version=&#8221;4.27.4&#8243; _module_preset=&#8221;default&#8221; custom_padding=&#8221;40px||||false|false&#8221; custom_padding_tablet=&#8221;0px||60px||false|false&#8221; custom_padding_phone=&#8221;&#8221; custom_padding_last_edited=&#8221;on|tablet&#8221; global_colors_info=&#8221;{}&#8221;][et_pb_text module_id=&#8221;fotozas-div&#8221; _builder_version=&#8221;4.27.4&#8243; _module_preset=&#8221;default&#8221; header_font=&#8221;||||||||&#8221; header_2_font=&#8221;|||on|||||&#8221; header_2_text_color=&#8221;#aa845b&#8221; header_2_font_size=&#8221;24px&#8221; header_2_letter_spacing=&#8221;1px&#8221; width=&#8221;78%&#8221; width_tablet=&#8221;100%&#8221; width_phone=&#8221;100%&#8221; width_last_edited=&#8221;on|desktop&#8221; custom_margin=&#8221;||26px||false|false&#8221; custom_margin_tablet=&#8221;||10px||false|false&#8221; custom_margin_phone=&#8221;&#8221; custom_margin_last_edited=&#8221;on|desktop&#8221; text_orientation_tablet=&#8221;center&#8221; text_orientation_phone=&#8221;center&#8221; text_orientation_last_edited=&#8221;on|phone&#8221; module_alignment_tablet=&#8221;&#8221; module_alignment_phone=&#8221;&#8221; module_alignment_last_edited=&#8221;on|tablet&#8221; global_colors_info=&#8221;{}&#8221;]<\/p>\n<h2>Mi v\u00e1r r\u00e1d?<\/h2>\n<p>[\/et_pb_text][et_pb_text _builder_version=&#8221;4.27.4&#8243; _module_preset=&#8221;a447d920-a8c0-4386-a9d6-e41105b53a1f&#8221; text_font=&#8221;||||||||&#8221; global_colors_info=&#8221;{}&#8221;]<\/p>\n<ul>\n<li><strong>Live Music<\/strong>: Giuliano Foresta, az olasz zene mestere, naplement\u00e9ig biztos\u00edtja a felejthetetlen hangulatot a medence partj\u00e1n.<\/li>\n<p><\/p>\n<li><strong>Olasz \u00cdnycsikland\u00f3s\u00e1gok<\/strong>: K\u00f3stold meg a legfinomabb olasz fog\u00e1sokat, mint a Bruschetta al Pomodoro, Caprese sal\u00e1ta, Risotto ai Funghi, Tagliatelle al Rag\u00f9 \u00e9s az elmaradhatatlan Tiramisu!<\/li>\n<p><\/p>\n<li><strong>Pizzas\u00fct\u00e9s Show<\/strong>: N\u00e9zd meg \u00e9l\u0151ben, ahogy a friss, ropog\u00f3s pizz\u00e1k a hagyom\u00e1nyos olasz m\u00f3don k\u00e9sz\u00fclnek! Este 22:00-ig olasz pizz\u00e1k k\u00f6z\u00fcl v\u00e1logathatnak a vend\u00e9gek \u00e9tlapunkr\u00f3l mint a Quattro formaggi, Prosciutto cotto, Pizza tartuffo, Pizza Cappriciosa.<\/li>\n<p><\/p>\n<li><strong>Hangulat &amp; Dekor\u00e1ci\u00f3<\/strong>: A medence k\u00f6r\u00fcli olasz st\u00edlus\u00fa dekor\u00e1ci\u00f3 \u00e9s a naplemente var\u00e1zslatos atmoszf\u00e9r\u00e1t teremt, mik\u00f6zben a zene \u00e1tj\u00e1rja a leveg\u0151t.<\/li>\n<p><\/p>\n<li><strong>Dresscode<\/strong>: A k\u00e9nyelmes, de eleg\u00e1ns megjelen\u00e9s mindenkinek a legjobb v\u00e1laszt\u00e1s a t\u00f6k\u00e9letes olasz \u00e9lm\u00e9nyhez!<\/li>\n<\/ul>\n<p>[\/et_pb_text][\/et_pb_column][et_pb_column type=&#8221;1_2&#8243; _builder_version=&#8221;4.20.0&#8243; _module_preset=&#8221;default&#8221; global_colors_info=&#8221;{}&#8221;][et_pb_image src=&#8221;https:\/\/letilkuria.hu\/wp-content\/uploads\/20220625-katamarco-letilkuria-petrapakophotography-556-67d7de01a09ca.webp&#8221; title_text=&#8221;20220625-katamarco-letilkuria-petrapakophotography-556-67d7de01a09ca&#8221; align=&#8221;center&#8221; disabled_on=&#8221;off|off|off&#8221; module_class=&#8221;rotate-bordered&#8221; _builder_version=&#8221;4.27.4&#8243; _module_preset=&#8221;default&#8221; width=&#8221;90%&#8221; width_tablet=&#8221;66%&#8221; width_phone=&#8221;66%&#8221; width_last_edited=&#8221;on|tablet&#8221; custom_padding=&#8221;||||false|false&#8221; global_colors_info=&#8221;{}&#8221;][\/et_pb_image][\/et_pb_column][\/et_pb_row][\/et_pb_section][et_pb_section fb_built=&#8221;1&#8243; module_id=&#8221;belepojegy&#8221; _builder_version=&#8221;4.27.4&#8243; _module_preset=&#8221;default&#8221; background_color=&#8221;rgba(0,0,0,0)&#8221; background_enable_image=&#8221;off&#8221; background_size=&#8221;initial&#8221; background_repeat=&#8221;repeat&#8221; custom_margin=&#8221;20px||||false|false&#8221; custom_padding=&#8221;0px||0px|||&#8221; global_colors_info=&#8221;{}&#8221;][et_pb_row module_id=&#8221;asztalfoglalas&#8221; _builder_version=&#8221;4.27.4&#8243; _module_preset=&#8221;default&#8221; max_width=&#8221;1200px&#8221; global_colors_info=&#8221;{}&#8221;][et_pb_column type=&#8221;4_4&#8243; _builder_version=&#8221;4.16&#8243; _module_preset=&#8221;default&#8221; global_colors_info=&#8221;{}&#8221;][et_pb_text _builder_version=&#8221;4.27.4&#8243; _module_preset=&#8221;default&#8221; header_text_align=&#8221;center&#8221; header_text_color=&#8221;#aa845b&#8221; custom_margin=&#8221;||36px||false|false&#8221; global_colors_info=&#8221;{}&#8221;]<\/p>\n<h1 class=\"decor-down\">Bel\u00e9p\u0151jegy \u00e9s szobafoglal\u00e1s<\/h1>\n<p>[\/et_pb_text][et_pb_text _builder_version=&#8221;4.27.4&#8243; _module_preset=&#8221;default&#8221; text_orientation=&#8221;center&#8221; global_colors_info=&#8221;{}&#8221;]<\/p>\n<p><strong>Bel\u00e9p\u0151jegy: 17.000 Ft<\/strong><\/p>\n<p>Az asztalfoglal\u00e1s kiz\u00e1r\u00f3lag el\u0151v\u00e9telben lehets\u00e9ges, ami tartalmazza 1 f\u0151 r\u00e9sz\u00e9re az 5 fog\u00e1sos eb\u00e9det \u00e9s welcome italt ami egy k\u00f6nnyed Aperol Spritz.<\/p>\n<p>Szobafoglal\u00e1s is lehets\u00e9ges, hogy m\u00e9g tov\u00e1bb \u00e9lvezhess\u00e9tek a var\u00e1zslatos est\u00e9t a k\u00fari\u00e1ban!<\/p>\n<p><strong>Ne hagyd ki ezt az autentikus olasz \u00e9lm\u00e9nyt!<\/strong><\/p>\n<p>Foglald le jegyedet \u00e9s szob\u00e1dat most, \u00e9s \u00e9lj \u00e1t egy felejthetetlen est\u00e9t a Le Til K\u00fari\u00e1ban!<\/p>\n<p>[\/et_pb_text][et_pb_button button_url=&#8221;#jegyvasarlas&#8221; button_text=&#8221;Jegyv\u00e1s\u00e1rl\u00e1s&#8221; button_alignment=&#8221;center&#8221; _builder_version=&#8221;4.27.4&#8243; _module_preset=&#8221;default&#8221; global_colors_info=&#8221;{}&#8221;][\/et_pb_button][\/et_pb_column][\/et_pb_row][\/et_pb_section][et_pb_section fb_built=&#8221;1&#8243; _builder_version=&#8221;4.27.4&#8243; _module_preset=&#8221;default&#8221; custom_padding=&#8221;20px||20px||false|false&#8221; global_colors_info=&#8221;{}&#8221;][et_pb_row _builder_version=&#8221;4.19.1&#8243; _module_preset=&#8221;default&#8221; global_colors_info=&#8221;{}&#8221;][et_pb_column type=&#8221;4_4&#8243; _builder_version=&#8221;4.19.1&#8243; _module_preset=&#8221;default&#8221; global_colors_info=&#8221;{}&#8221;][et_pb_text _builder_version=&#8221;4.27.4&#8243; _module_preset=&#8221;default&#8221; header_text_align=&#8221;center&#8221; header_text_color=&#8221;#aa845b&#8221; custom_margin=&#8221;||36px||false|false&#8221; global_colors_info=&#8221;{}&#8221;]<\/p>\n<h1 class=\"decor-down\" style=\"text-align: center;\">\u00c9telsor<\/h1>\n<p>[\/et_pb_text][\/et_pb_column][\/et_pb_row][et_pb_row column_structure=&#8221;1_2,1_2&#8243; _builder_version=&#8221;4.27.4&#8243; _module_preset=&#8221;default&#8221; custom_css_main_element=&#8221;display: flex;||align-items: center;&#8221; global_colors_info=&#8221;{}&#8221; custom_css_main_element_last_edited=&#8221;on|phone&#8221; custom_css_main_element_phone=&#8221;    display: flex;||    align-items: center;||    flex-direction: column;&#8221; custom_css_main_element_tablet=&#8221;display: grid;&#8221;][et_pb_column type=&#8221;1_2&#8243; _builder_version=&#8221;4.19.1&#8243; _module_preset=&#8221;default&#8221; global_colors_info=&#8221;{}&#8221;][et_pb_text _builder_version=&#8221;4.27.4&#8243; _module_preset=&#8221;default&#8221; text_line_height=&#8221;1em&#8221; global_colors_info=&#8221;{}&#8221;]<\/p>\n<ul>\n<li style=\"font-weight: 400;\" aria-level=\"1\"><span style=\"font-weight: 400;\">Bruschetta al Pomodoro \u2013 friss paradicsomos bruschetta<\/span><\/li>\n<li style=\"font-weight: 400;\" aria-level=\"1\"><span style=\"font-weight: 400;\">Caprese sal\u00e1ta \u2013 mozzarella, bazsalikom \u00e9s paradicsom<\/span><\/li>\n<li style=\"font-weight: 400;\" aria-level=\"1\"><span style=\"font-weight: 400;\">Risotto ai Funghi \u2013 \u00ednycsikland\u00f3 gomb\u00e1s rizott\u00f3<\/span><\/li>\n<li style=\"font-weight: 400;\" aria-level=\"1\"><span style=\"font-weight: 400;\">Tagliatelle al Rag\u00f9 \u2013 h\u00e1zi t\u00e9szta h\u00fasos raguval<\/span><\/li>\n<li style=\"font-weight: 400;\" aria-level=\"1\"><span style=\"font-weight: 400;\">Tiramisu \u2013 a klasszikus olasz desszert<\/span><\/li>\n<\/ul>\n<p><strong style=\"font-size: 20px;\">\u00a0<\/strong><\/p>\n<p><strong style=\"font-size: 20px;\">Pizza Show<\/strong><strong><\/strong><\/p>\n<p><strong style=\"font-size: 20px;\"><\/strong><\/p>\n<ul>\n<li>Quattro formaggi (paradicsomsz\u00f3sz, fior di latte, f\u00fcst\u00f6lt sajt, gorgonzola, parmez\u00e1n)<\/li>\n<li>Prosciutto cotto (paradicsomos alap, fior di latte, f\u0151tt sonka,<\/li>\n<li>Pizza tartuffo (mascarpones szarvasgomb\u00e1s alap, fior di latte, \u00e9rlelt sonka, parmez\u00e1n)<\/li>\n<li>Pizza Cappriciosa (paradicsomsz\u00f3sz, fior di latte, artics\u00f3ka,fekete oliva,gomba,prosiutto cotto<\/li>\n<\/ul>\n<p>[\/et_pb_text][et_pb_button button_url=&#8221;#jegyvasarlas&#8221; button_text=&#8221;Jegyv\u00e1s\u00e1rl\u00e1s&#8221; button_alignment=&#8221;center&#8221; _builder_version=&#8221;4.27.4&#8243; _module_preset=&#8221;default&#8221; global_colors_info=&#8221;{}&#8221;][\/et_pb_button][\/et_pb_column][et_pb_column type=&#8221;1_2&#8243; disabled_on=&#8221;off|off|off&#8221; _builder_version=&#8221;4.27.4&#8243; _module_preset=&#8221;default&#8221; global_colors_info=&#8221;{}&#8221;][et_pb_image src=&#8221;https:\/\/letilkuria.hu\/wp-content\/uploads\/ph2-6024-67d7de1d39f8e.webp&#8221; title_text=&#8221;ph2-6024-67d7de1d39f8e&#8221; align=&#8221;center&#8221; disabled_on=&#8221;off|off|off&#8221; module_id=&#8221;menu-pic&#8221; module_class=&#8221;rotate-bordered&#8221; _builder_version=&#8221;4.27.4&#8243; _module_preset=&#8221;default&#8221; min_height=&#8221;500px&#8221; min_height_tablet=&#8221;650px&#8221; min_height_phone=&#8221;650px&#8221; min_height_last_edited=&#8221;off|desktop&#8221; custom_padding=&#8221;||||false|false&#8221; custom_css_main_element=&#8221;object-fit: cover!important;&#8221; global_colors_info=&#8221;{}&#8221;][\/et_pb_image][\/et_pb_column][\/et_pb_row][\/et_pb_section][et_pb_section fb_built=&#8221;1&#8243; custom_padding_last_edited=&#8221;on|tablet&#8221; _builder_version=&#8221;4.27.4&#8243; _module_preset=&#8221;default&#8221; custom_margin_tablet=&#8221;0px||||false|false&#8221; custom_margin_phone=&#8221;0px||||false|false&#8221; custom_margin_last_edited=&#8221;on|tablet&#8221; custom_padding_tablet=&#8221;0px||||false|false&#8221; custom_padding_phone=&#8221;0px||||false|false&#8221; global_colors_info=&#8221;{}&#8221;][et_pb_row module_id=&#8221;jegyvasarlas&#8221; _builder_version=&#8221;4.27.4&#8243; _module_preset=&#8221;default&#8221; custom_css_main_element=&#8221;.gform_title{||  text-align: center;||}&#8221; global_colors_info=&#8221;{}&#8221;][et_pb_column type=&#8221;4_4&#8243; _builder_version=&#8221;4.19.1&#8243; _module_preset=&#8221;default&#8221; global_colors_info=&#8221;{}&#8221;][et_pb_text _builder_version=&#8221;4.27.4&#8243; _module_preset=&#8221;default&#8221; header_text_align=&#8221;center&#8221; header_text_color=&#8221;#aa845b&#8221; custom_margin=&#8221;||36px||false|false&#8221; global_colors_info=&#8221;{}&#8221;]<\/p>\n<h1 class=\"decor-down\" style=\"text-align: center;\">Jegyv\u00e1s\u00e1rl\u00e1s<\/h1>\n<p>[\/et_pb_text][et_pb_text _builder_version=&#8221;4.27.4&#8243; _module_preset=&#8221;default&#8221; custom_css_main_element=&#8221;.gform_description{||  text-align: center;||  margin-bottom: 30px;||}&#8221; global_colors_info=&#8221;{}&#8221;]<\/p>\n\n<p>[\/et_pb_text][\/et_pb_column][\/et_pb_row][et_pb_row module_class=&#8221;flex-align-center&#8221; _builder_version=&#8221;4.27.4&#8243; _module_preset=&#8221;default&#8221; max_width=&#8221;1200px&#8221; custom_margin=&#8221;60px||||false|false&#8221; custom_margin_tablet=&#8221;60px||||false|false&#8221; custom_margin_phone=&#8221;0px||||false|false&#8221; custom_margin_last_edited=&#8221;on|phone&#8221; custom_padding=&#8221;0px||0px||false|false&#8221; global_colors_info=&#8221;{}&#8221;][et_pb_column type=&#8221;4_4&#8243; _builder_version=&#8221;4.16&#8243; _module_preset=&#8221;default&#8221; global_colors_info=&#8221;{}&#8221;][et_pb_text _builder_version=&#8221;4.27.4&#8243; _module_preset=&#8221;default&#8221; text_orientation=&#8221;center&#8221; text_orientation_tablet=&#8221;&#8221; text_orientation_phone=&#8221;center&#8221; text_orientation_last_edited=&#8221;on|phone&#8221; global_colors_info=&#8221;{}&#8221;]<\/p>\n<p><strong>Hasznos inform\u00e1ci\u00f3:<\/strong><\/p>\n<p>Kinti programot k\u00f6vet\u0151en az este tov\u00e1bb folytat\u00f3dik a k\u00faria b\u00e1rj\u00e1ban, ahol a hangulatos zene mellett tov\u00e1bb \u00e9lvezheted a var\u00e1zslatos atmoszf\u00e9r\u00e1t.<\/p>\n<p>[\/et_pb_text][\/et_pb_column][\/et_pb_row][\/et_pb_section]<\/p>\n","protected":false},"excerpt":{"rendered":"<p>Sogno d\u2019Italia \u2013 Olasz Daytime Party @ Le Til K\u00faria 2025. m\u00e1jus 24., 14:00., szombatK\u00e9pzeld el, hogy egy napf\u00e9nyes d\u00e9lut\u00e1non, a medence partj\u00e1n, olasz dallamok k\u00eds\u00e9ret\u00e9ben \u00e9lvezheted az autentikus olasz \u00e9let\u00e9rz\u00e9st\u2026 \ud83c\udf1eCsatlakozz hozz\u00e1nk egy felejthetetlen Olasz Daytime Partyra m\u00e1jus 24-\u00e9n, szombaton, a Le Til K\u00fari\u00e1ban!Mi v\u00e1r r\u00e1d? Live Music: Giuliano Foresta, az olasz zene mestere, [&hellip;]<\/p>\n","protected":false},"author":1,"featured_media":3465,"parent":0,"menu_order":0,"comment_status":"closed","ping_status":"closed","template":"","meta":{"_et_pb_use_builder":"on","_et_pb_old_content":"<!-- wp:divi\/placeholder \/-->","_et_gb_content_width":"","footnotes":""},"class_list":["post-3464","page","type-page","status-publish","has-post-thumbnail","hentry"],"_links":{"self":[{"href":"https:\/\/letilkuria.hu\/en\/wp-json\/wp\/v2\/pages\/3464","targetHints":{"allow":["GET"]}}],"collection":[{"href":"https:\/\/letilkuria.hu\/en\/wp-json\/wp\/v2\/pages"}],"about":[{"href":"https:\/\/letilkuria.hu\/en\/wp-json\/wp\/v2\/types\/page"}],"author":[{"embeddable":true,"href":"https:\/\/letilkuria.hu\/en\/wp-json\/wp\/v2\/users\/1"}],"replies":[{"embeddable":true,"href":"https:\/\/letilkuria.hu\/en\/wp-json\/wp\/v2\/comments?post=3464"}],"version-history":[{"count":0,"href":"https:\/\/letilkuria.hu\/en\/wp-json\/wp\/v2\/pages\/3464\/revisions"}],"wp:featuredmedia":[{"embeddable":true,"href":"https:\/\/letilkuria.hu\/en\/wp-json\/wp\/v2\/media\/3465"}],"wp:attachment":[{"href":"https:\/\/letilkuria.hu\/en\/wp-json\/wp\/v2\/media?parent=3464"}],"curies":[{"name":"wp","href":"https:\/\/api.w.org\/{rel}","templated":true}]}}